{"id":26,"date":"2020-01-06T09:43:47","date_gmt":"2020-01-06T09:43:47","guid":{"rendered":"http:\/\/scoalatupilati.ro\/?page_id=26"},"modified":"2025-03-31T09:33:08","modified_gmt":"2025-03-31T07:33:08","slug":"componenta","status":"publish","type":"page","link":"http:\/\/scoalafaurei.ro\/index.php\/componenta\/","title":{"rendered":"Componenta"},"content":{"rendered":"\n<p class=\"has-text-align-center\"><strong>Componen\u021ba Consiliului de administra\u021bie<\/strong><\/p>\n\n\n\n<p class=\"has-text-align-center\"><strong>Anul \u0219colar: 2024 &#8211; 2025<\/strong><\/p>\n\n\n\n<figure class=\"wp-block-table\"><table><tbody><tr><td><strong>Nr. crt.<\/strong><\/td><td><strong>Numele \u0219i prenumele<\/strong><\/td><td><strong>Func\u021bia<\/strong><\/td><\/tr><tr><td>1.<\/td><td>Anisii Valeria &#8211; Roxana<\/td><td>Director, pre\u0219edinte C.A.<\/td><\/tr><tr><td>2.<\/td><td>Chiriac Mihaela-Corina<\/td><td>Prof. \u00eenv. primar, membru C.A.<\/td><\/tr><tr><td>3.<\/td><td>D\u0103sc\u0103li\u021ba Marcelina<\/td><td>Prof. \u00eenv. pre\u0219colar, membru C.A.<\/td><\/tr><tr><td>4.<\/td><td>EMINOVICI Adina<\/td><td>Reprezentant al p\u0103rin\u021bilor<\/td><\/tr><tr><td>5.<\/td><td>MIRON Alisa<\/td><td>Reprezentant al p\u0103rin\u021bilor<\/td><\/tr><tr><td>6.<\/td><td>Zam\u0103 Ioan<\/td><td>Reprezentant al C.L. F\u0103urei<\/td><\/tr><tr><td>7.<\/td><td>AIFTINC\u0102I George-\u0218tefan<\/td><td>Reprezentant al primarului comunei F\u0103urei<\/td><\/tr><\/tbody><\/table><\/figure>\n\n\n\n<p class=\"has-text-align-center\">prof.\u00eenv.pre\u0219colar NOHAI Zamfira-Jozefina\u2013 secretar CA<\/p>\n\n\n\n<p class=\"has-text-align-center\">prof.\u00eenv.primar OPREA Ilina Gabriela \u2013 lider de sindicat<\/p>\n\n\n\n<p class=\"has-text-align-center\">Director,<\/p>\n\n\n\n<p class=\"has-text-align-center\">Prof. ANSII Valeria \u2013 Roxana<\/p>\n\n\n\n<div class=\"wp-block-file\"><a id=\"wp-block-file--media-4803cc78-4b8d-4738-9b2a-ab14791020ac\" href=\"https:\/\/scoalafaurei.ro\/wp-content\/uploads\/2025\/03\/Componenta-nominala-CA-2024-2025-1.doc\">Componenta nominala CA 2024-2025<\/a><a href=\"https:\/\/scoalafaurei.ro\/wp-content\/uploads\/2025\/03\/Componenta-nominala-CA-2024-2025-1.doc\" class=\"wp-block-file__button wp-element-button\" download aria-describedby=\"wp-block-file--media-4803cc78-4b8d-4738-9b2a-ab14791020ac\">Descarc\u0103<\/a><\/div>\n\n\n\n<p class=\"has-text-align-center\"><\/p>\n\n\n\n<p><\/p>\n\n\n\n<p class=\"has-text-align-center\"><strong>Componen\u0163a Consiliului profesoral<\/strong><\/p>\n\n\n\n<p class=\"has-text-align-center\"><strong>An \u0219colar: 2023 \u2013 2024<\/strong><\/p>\n\n\n\n<div class=\"wp-block-columns is-layout-flex wp-container-core-columns-is-layout-9d6595d7 wp-block-columns-is-layout-flex\">\n<div class=\"wp-block-column is-layout-flow wp-block-column-is-layout-flow\" style=\"flex-basis:100%\">\n<figure class=\"wp-block-table\"><table><tbody><tr><td><strong>Nr.<\/strong> <strong>crt.<\/strong><\/td><td><strong>Numele \u0219i prenumele cadrului<\/strong><\/td><td><strong>Func\u021bia<\/strong><\/td><\/tr><tr><td>1.<\/td><td>ANISII Valeria \u2013 Roxana<\/td><td>Prof. Limba englez\u0103<\/td><\/tr><tr><td>2.<\/td><td>TIMOFTE Elena-Larisa<\/td><td>Prof. Limba rom\u00e2n\u0103, Lb. Latin\u0103<\/td><\/tr><tr><td>3.<\/td><td>NEM\u021aANU Irina-Mihaela<\/td><td>Prof. Limba francez\u0103<\/td><\/tr><tr><td>4.<\/td><td>GRUM\u0102ZESCU Sorin Ionu\u021b<\/td><td>Prof. Ed. Fizic\u0103<\/td><\/tr><tr><td>5.<\/td><td>ACASANDREI Elena-Rebeca<\/td><td>Prof. Limba englez\u0103(CP-IV)<\/td><\/tr><tr><td>6.<\/td><td>GU\u0218ETU Elena<\/td><td>Prof. Fizic\u0103, Chimie, Ed. tehnologic\u0103, Ed.plastic\u0103 (V-VI)<\/td><\/tr><tr><td>7.<\/td><td>VARVARA Teodora<\/td><td>Prof. Matematic\u0103&nbsp;<\/td><\/tr><tr><td>8.<\/td><td>BURGHELEA Carmen Ionela<\/td><td>Prof. Biologie<\/td><\/tr><tr><td>9.<\/td><td>ATODIRESEI Violeta-M\u0103d\u0103lina<\/td><td>Prof. Geografie, Ed. Social\u0103<\/td><\/tr><tr><td>10.<\/td><td>BENESCU Matei &#8211; Alexandru<\/td><td>Prof. Informatic\u0103 \u0219i TIC<\/td><\/tr><tr><td>11.<\/td><td>SAMOIL\u0102 Adina &#8211; Florentina<\/td><td>Prof. Religie<\/td><\/tr><tr><td>12.<\/td><td>\u021aIFREA Maria<\/td><td>Prof. Ed. Muzical\u0103<\/td><\/tr><tr><td>13.<\/td><td>COROI Nicu\u0219or Constantin<\/td><td>Prof. Istorie <\/td><\/tr><tr><td>14.<\/td><td>PETREA IOANA<\/td><td>&nbsp;Prof. Ed.plastic\u0103 (VII-VIII)<\/td><\/tr><tr><td>15.<\/td><td>CAMARA\u0218U Petronela \u2013 Ileana<\/td><td>Prof.\u00eenv.primar<\/td><\/tr><tr><td> 16<\/td><td>OPREA Ilina Gabriela<\/td><td>Prof.\u00eenv.primar<\/td><\/tr><tr><td> 17.<\/td><td>GHIDARCEA Mihai<\/td><td>Prof.\u00eenv.primar<\/td><\/tr><tr><td>  18.<\/td><td>MAFTEI Rodica \u2013 Mihaela<\/td><td>Prof.\u00eenv.primar<\/td><\/tr><tr><td>  19.<\/td><td>CHIRIAC Mihaela Corina<\/td><td>Prof.\u00eenv.primar<\/td><\/tr><tr><td>  20.<\/td><td>D\u0102SC\u0102LI\u021aA Marcelina<\/td><td>Prof.\u00eenv.pre\u0219colar<\/td><\/tr><tr><td>   21.<\/td><td>NOHAI Zamfira \u2013 Jozefina<\/td><td>Prof.\u00eenv.pre\u0219colar<\/td><\/tr><\/tbody><\/table><\/figure>\n<\/div>\n<\/div>\n\n\n\n<p>&nbsp;&nbsp;&nbsp;&nbsp;&nbsp;&nbsp;&nbsp;&nbsp;&nbsp;&nbsp;&nbsp;&nbsp;&nbsp;&nbsp;&nbsp;&nbsp;&nbsp;&nbsp;&nbsp;&nbsp;&nbsp;&nbsp;&nbsp;&nbsp;&nbsp;&nbsp;&nbsp;&nbsp;&nbsp;&nbsp;&nbsp;&nbsp;&nbsp;&nbsp;&nbsp;&nbsp;&nbsp;&nbsp;&nbsp;&nbsp;&nbsp;&nbsp;&nbsp;&nbsp;&nbsp;&nbsp;&nbsp;&nbsp;&nbsp;&nbsp;&nbsp;&nbsp;&nbsp;&nbsp;&nbsp;&nbsp;&nbsp;&nbsp;&nbsp;&nbsp;&nbsp;&nbsp;&nbsp;&nbsp;&nbsp;&nbsp;&nbsp; Director,<\/p>\n\n\n\n<p>                                                       Prof. ANSII Valeria &#8211; Roxana<\/p>\n","protected":false},"excerpt":{"rendered":"<p>Componen\u021ba Consiliului de administra\u021bie Anul \u0219colar: 2024 &#8211; 2025 Nr. crt. Numele \u0219i prenumele Func\u021bia 1. Anisii Valeria &#8211; Roxana Director, pre\u0219edinte C.A. 2. Chiriac Mihaela-Corina Prof. \u00eenv. primar, membru C.A. 3. D\u0103sc\u0103li\u021ba Marcelina Prof. \u00eenv. pre\u0219colar, membru C.A. 4. EMINOVICI Adina Reprezentant al p\u0103rin\u021bilor 5. MIRON Alisa Reprezentant al p\u0103rin\u021bilor 6. Zam\u0103 Ioan Reprezentant al C.L. F\u0103urei 7. AIFTINC\u0102I [&hellip;]<\/p>\n","protected":false},"author":2,"featured_media":0,"parent":0,"menu_order":2,"comment_status":"closed","ping_status":"closed","template":"","meta":{"footnotes":""},"class_list":["post-26","page","type-page","status-publish","hentry"],"yoast_head":"<!-- This site is optimized with the Yoast SEO plugin v17.4 - https:\/\/yoast.com\/wordpress\/plugins\/seo\/ -->\n<title>Componenta - Scoala Gimnaziala Comuna Faurei<\/title>\n<meta name=\"robots\" content=\"index, follow, max-snippet:-1, max-image-preview:large, max-video-preview:-1\" \/>\n<link rel=\"canonical\" href=\"http:\/\/scoalafaurei.ro\/index.php\/componenta\/\" \/>\n<meta property=\"og:locale\" content=\"ro_RO\" \/>\n<meta property=\"og:type\" content=\"article\" \/>\n<meta property=\"og:title\" content=\"Componenta - Scoala Gimnaziala Comuna Faurei\" \/>\n<meta property=\"og:description\" content=\"Componen\u021ba Consiliului de administra\u021bie Anul \u0219colar: 2024 &#8211; 2025 Nr. crt. Numele \u0219i prenumele Func\u021bia 1. Anisii Valeria &#8211; Roxana Director, pre\u0219edinte C.A. 2. Chiriac Mihaela-Corina Prof. \u00eenv. primar, membru C.A. 3. D\u0103sc\u0103li\u021ba Marcelina Prof. \u00eenv. pre\u0219colar, membru C.A. 4. EMINOVICI Adina Reprezentant al p\u0103rin\u021bilor 5. MIRON Alisa Reprezentant al p\u0103rin\u021bilor 6. Zam\u0103 Ioan Reprezentant al C.L. F\u0103urei 7. AIFTINC\u0102I [&hellip;]\" \/>\n<meta property=\"og:url\" content=\"http:\/\/scoalafaurei.ro\/index.php\/componenta\/\" \/>\n<meta property=\"og:site_name\" content=\"Scoala Gimnaziala Comuna Faurei\" \/>\n<meta property=\"article:modified_time\" content=\"2025-03-31T07:33:08+00:00\" \/>\n<meta name=\"twitter:card\" content=\"summary_large_image\" \/>\n<meta name=\"twitter:label1\" content=\"Timp estimat pentru citire\" \/>\n\t<meta name=\"twitter:data1\" content=\"2 minute\" \/>\n<script type=\"application\/ld+json\" class=\"yoast-schema-graph\">{\"@context\":\"https:\/\/schema.org\",\"@graph\":[{\"@type\":\"WebSite\",\"@id\":\"http:\/\/scoalafaurei.ro\/#website\",\"url\":\"http:\/\/scoalafaurei.ro\/\",\"name\":\"Scoala Gimnaziala Comuna Faurei\",\"description\":\"\",\"potentialAction\":[{\"@type\":\"SearchAction\",\"target\":{\"@type\":\"EntryPoint\",\"urlTemplate\":\"http:\/\/scoalafaurei.ro\/?s={search_term_string}\"},\"query-input\":\"required name=search_term_string\"}],\"inLanguage\":\"ro-RO\"},{\"@type\":\"WebPage\",\"@id\":\"http:\/\/scoalafaurei.ro\/index.php\/componenta\/#webpage\",\"url\":\"http:\/\/scoalafaurei.ro\/index.php\/componenta\/\",\"name\":\"Componenta - Scoala Gimnaziala Comuna Faurei\",\"isPartOf\":{\"@id\":\"http:\/\/scoalafaurei.ro\/#website\"},\"datePublished\":\"2020-01-06T09:43:47+00:00\",\"dateModified\":\"2025-03-31T07:33:08+00:00\",\"breadcrumb\":{\"@id\":\"http:\/\/scoalafaurei.ro\/index.php\/componenta\/#breadcrumb\"},\"inLanguage\":\"ro-RO\",\"potentialAction\":[{\"@type\":\"ReadAction\",\"target\":[\"http:\/\/scoalafaurei.ro\/index.php\/componenta\/\"]}]},{\"@type\":\"BreadcrumbList\",\"@id\":\"http:\/\/scoalafaurei.ro\/index.php\/componenta\/#breadcrumb\",\"itemListElement\":[{\"@type\":\"ListItem\",\"position\":1,\"name\":\"Prima pagin\\u0103\",\"item\":\"http:\/\/scoalafaurei.ro\/\"},{\"@type\":\"ListItem\",\"position\":2,\"name\":\"Componenta\"}]}]}<\/script>\n<!-- \/ Yoast SEO plugin. -->","yoast_head_json":{"title":"Componenta - Scoala Gimnaziala Comuna Faurei","robots":{"index":"index","follow":"follow","max-snippet":"max-snippet:-1","max-image-preview":"max-image-preview:large","max-video-preview":"max-video-preview:-1"},"canonical":"http:\/\/scoalafaurei.ro\/index.php\/componenta\/","og_locale":"ro_RO","og_type":"article","og_title":"Componenta - Scoala Gimnaziala Comuna Faurei","og_description":"Componen\u021ba Consiliului de administra\u021bie Anul \u0219colar: 2024 &#8211; 2025 Nr. crt. Numele \u0219i prenumele Func\u021bia 1. Anisii Valeria &#8211; Roxana Director, pre\u0219edinte C.A. 2. Chiriac Mihaela-Corina Prof. \u00eenv. primar, membru C.A. 3. D\u0103sc\u0103li\u021ba Marcelina Prof. \u00eenv. pre\u0219colar, membru C.A. 4. EMINOVICI Adina Reprezentant al p\u0103rin\u021bilor 5. MIRON Alisa Reprezentant al p\u0103rin\u021bilor 6. Zam\u0103 Ioan Reprezentant al C.L. F\u0103urei 7. AIFTINC\u0102I [&hellip;]","og_url":"http:\/\/scoalafaurei.ro\/index.php\/componenta\/","og_site_name":"Scoala Gimnaziala Comuna Faurei","article_modified_time":"2025-03-31T07:33:08+00:00","twitter_card":"summary_large_image","twitter_misc":{"Timp estimat pentru citire":"2 minute"},"schema":{"@context":"https:\/\/schema.org","@graph":[{"@type":"WebSite","@id":"http:\/\/scoalafaurei.ro\/#website","url":"http:\/\/scoalafaurei.ro\/","name":"Scoala Gimnaziala Comuna Faurei","description":"","potentialAction":[{"@type":"SearchAction","target":{"@type":"EntryPoint","urlTemplate":"http:\/\/scoalafaurei.ro\/?s={search_term_string}"},"query-input":"required name=search_term_string"}],"inLanguage":"ro-RO"},{"@type":"WebPage","@id":"http:\/\/scoalafaurei.ro\/index.php\/componenta\/#webpage","url":"http:\/\/scoalafaurei.ro\/index.php\/componenta\/","name":"Componenta - Scoala Gimnaziala Comuna Faurei","isPartOf":{"@id":"http:\/\/scoalafaurei.ro\/#website"},"datePublished":"2020-01-06T09:43:47+00:00","dateModified":"2025-03-31T07:33:08+00:00","breadcrumb":{"@id":"http:\/\/scoalafaurei.ro\/index.php\/componenta\/#breadcrumb"},"inLanguage":"ro-RO","potentialAction":[{"@type":"ReadAction","target":["http:\/\/scoalafaurei.ro\/index.php\/componenta\/"]}]},{"@type":"BreadcrumbList","@id":"http:\/\/scoalafaurei.ro\/index.php\/componenta\/#breadcrumb","itemListElement":[{"@type":"ListItem","position":1,"name":"Prima pagin\u0103","item":"http:\/\/scoalafaurei.ro\/"},{"@type":"ListItem","position":2,"name":"Componenta"}]}]}},"_links":{"self":[{"href":"http:\/\/scoalafaurei.ro\/index.php\/wp-json\/wp\/v2\/pages\/26","targetHints":{"allow":["GET"]}}],"collection":[{"href":"http:\/\/scoalafaurei.ro\/index.php\/wp-json\/wp\/v2\/pages"}],"about":[{"href":"http:\/\/scoalafaurei.ro\/index.php\/wp-json\/wp\/v2\/types\/page"}],"author":[{"embeddable":true,"href":"http:\/\/scoalafaurei.ro\/index.php\/wp-json\/wp\/v2\/users\/2"}],"replies":[{"embeddable":true,"href":"http:\/\/scoalafaurei.ro\/index.php\/wp-json\/wp\/v2\/comments?post=26"}],"version-history":[{"count":9,"href":"http:\/\/scoalafaurei.ro\/index.php\/wp-json\/wp\/v2\/pages\/26\/revisions"}],"predecessor-version":[{"id":951,"href":"http:\/\/scoalafaurei.ro\/index.php\/wp-json\/wp\/v2\/pages\/26\/revisions\/951"}],"wp:attachment":[{"href":"http:\/\/scoalafaurei.ro\/index.php\/wp-json\/wp\/v2\/media?parent=26"}],"curies":[{"name":"wp","href":"https:\/\/api.w.org\/{rel}","templated":true}]}}